{"id":15,"date":"2016-09-22T09:37:47","date_gmt":"2016-09-22T07:37:47","guid":{"rendered":"http:\/\/eloge.net\/?page_id=15"},"modified":"2016-10-11T19:57:19","modified_gmt":"2016-10-11T17:57:19","slug":"ressources-humaines","status":"publish","type":"page","link":"https:\/\/eloge.net\/index.php\/ressources-humaines-rh\/ressources-humaines\/","title":{"rendered":"R H Informations"},"content":{"rendered":"<h2>Les Sources du Droit du Travail<\/h2>\n<ul>\n<li>Normes de l&rsquo;Organisation internationale du Travail (OIT)<\/li>\n<li>Travaux du Conseil de l&rsquo;Europe<\/li>\n<li>Droit communautaire du Travail<\/li>\n<li>Pr\u00e9ambule de la Constitution Fran\u00e7aise<\/li>\n<\/ul>\n<p><span style=\"text-decoration: underline;\">les Sources \u00e9tatiques fran\u00e7aises<\/span> :<\/p>\n<ul>\n<li>lois, r\u00e8glements, d\u00e9crets<\/li>\n<li>Code du Travail\u00a0\u00a0 (<a href=\"http:\/\/www.legifrance.gouv.fr\">le site<\/a> : s\u00e9lectionner code du travail)<\/li>\n<\/ul>\n<p><span style=\"text-decoration: underline;\">les Sources Professionnelles<\/span> :<\/p>\n<ul>\n<li>Conventions Collectives (<a href=\"http:\/\/travail-emploi.gouv.fr\/dialogue-social\/negociation-collective\/conventions-collectives\/article\/conventions-collectives-nomenclatures\">nomenclature des conventions collectives)<\/a>\u00a0(<a href=\"http:\/\/www.legifrance.gouv.fr\">conventions collectives<\/a>)<\/li>\n<li>Accords Collectifs<\/li>\n<li>Accords d&rsquo;Entreprise<\/li>\n<\/ul>\n<p>&nbsp;<\/p>\n<h2>Domaines couverts par Les Ressources Humaines<\/h2>\n<div><\/div>\n<ul>\n<li style=\"text-align: left;\">Gestion des Ressources Humaines : Recrutement\u00a0&#8211; D\u00e9part du Salari\u00e9<\/li>\n<li style=\"text-align: left;\">R\u00e9mun\u00e9ration<\/li>\n<li style=\"text-align: left;\">Formation<\/li>\n<li style=\"text-align: left;\">Relations Sociales<\/li>\n<\/ul>\n<h3>Autres fonctions<\/h3>\n<p>Audit social<\/p>\n<p>Etablissement du bilan social<\/p>\n<p>Responsabilit\u00e9 sociale de l&rsquo;Entreprise (RSE)<\/p>\n<p>Voir la page : <a href=\"https:\/\/eloge.net\/index.php\/ressources-humaines-rh\/ressources-humaines\/articles-des-ressources-humaines\/\">Articles Ressources Humaines\u00a0<\/a><\/p>\n<p>&nbsp;<\/p>\n<h2 style=\"text-align: center;\"><\/h2>\n<h2 style=\"text-align: center;\"><\/h2>\n<h2 style=\"text-align: center;\"><\/h2>\n<p>&nbsp;<\/p>\n<div id='share-me'><ul class='share-left'><li><a href=\"http:\/\/www.facebook.com\/sharer.php?u=https:\/\/eloge.net\/index.php\/ressources-humaines-rh\/ressources-humaines\/&t=R+H+Informations\" alt=\"Share on Facebook\" title=\"Share on Facebook\"   onclick=\"return smWindowpop(this.href,545,433)\"><img alt = \"\" src = \"https:\/\/eloge.net\/wp-content\/plugins\/share-me\/\/assets\/images\/simple\/facebook.png\"  height=\"32px\"  width=\"32px\"><\/a><\/li><li><a href=\"https:\/\/plusone.google.com\/_\/+1\/confirm?hl=fr-FR&url=https:\/\/eloge.net\/index.php\/ressources-humaines-rh\/ressources-humaines\/\" alt=\"Share on Google+\" title=\"Share on Google+\"  target=\"_blank\" onclick=\"return smWindowpop(this.href,545,433)\"><img alt = \"\" src = \"https:\/\/eloge.net\/wp-content\/plugins\/share-me\/\/assets\/images\/simple\/googleplus.png\"  height=\"32px\"  width=\"32px\"><\/a><\/li><li><a href=\"http:\/\/www.linkedin.com\/shareArticle?mini=true&url=https:\/\/eloge.net\/index.php\/ressources-humaines-rh\/ressources-humaines\/&title=R+H+Informations&source=E-loge\" onclick=\"return smWindowpop(this.href, 545,433)\"><img alt = \"\" src = \"https:\/\/eloge.net\/wp-content\/plugins\/share-me\/\/assets\/images\/simple\/linkedin.png\"  height=\"32px\"  width=\"32px\"><\/a><\/li><\/ul><\/div><br\/>","protected":false},"excerpt":{"rendered":"<p>Les Sources du Droit du Travail Normes de l&rsquo;Organisation internationale du Travail (OIT) Travaux du Conseil de l&rsquo;Europe Droit communautaire du Travail Pr\u00e9ambule de la Constitution Fran\u00e7aise les Sources \u00e9tatiques fran\u00e7aises : lois, r\u00e8glements, d\u00e9crets Code du Travail\u00a0\u00a0 (le site : s\u00e9lectionner code du travail) les Sources Professionnelles : Conventions &hellip; <a class=\"continue-reading-link\" href=\"https:\/\/eloge.net\/index.php\/ressources-humaines-rh\/ressources-humaines\/\"> Continue reading <span class=\"meta-nav\">&rarr; <\/span><\/a><\/p>\n","protected":false},"author":1,"featured_media":0,"parent":480,"menu_order":0,"comment_status":"closed","ping_status":"closed","template":"","meta":[],"_links":{"self":[{"href":"https:\/\/eloge.net\/index.php\/wp-json\/wp\/v2\/pages\/15"}],"collection":[{"href":"https:\/\/eloge.net\/index.php\/wp-json\/wp\/v2\/pages"}],"about":[{"href":"https:\/\/eloge.net\/index.php\/wp-json\/wp\/v2\/types\/page"}],"author":[{"embeddable":true,"href":"https:\/\/eloge.net\/index.php\/wp-json\/wp\/v2\/users\/1"}],"replies":[{"embeddable":true,"href":"https:\/\/eloge.net\/index.php\/wp-json\/wp\/v2\/comments?post=15"}],"version-history":[{"count":21,"href":"https:\/\/eloge.net\/index.php\/wp-json\/wp\/v2\/pages\/15\/revisions"}],"predecessor-version":[{"id":598,"href":"https:\/\/eloge.net\/index.php\/wp-json\/wp\/v2\/pages\/15\/revisions\/598"}],"up":[{"embeddable":true,"href":"https:\/\/eloge.net\/index.php\/wp-json\/wp\/v2\/pages\/480"}],"wp:attachment":[{"href":"https:\/\/eloge.net\/index.php\/wp-json\/wp\/v2\/media?parent=15"}],"curies":[{"name":"wp","href":"https:\/\/api.w.org\/{rel}","templated":true}]}}