{"id":152,"date":"2016-09-23T08:49:17","date_gmt":"2016-09-23T06:49:17","guid":{"rendered":"http:\/\/eloge.net\/?page_id=152"},"modified":"2020-02-12T11:45:39","modified_gmt":"2020-02-12T10:45:39","slug":"fiscalite","status":"publish","type":"page","link":"https:\/\/eloge.net\/index.php\/juridique-fiscalite\/fiscalite\/","title":{"rendered":"Droit Fiscal Fiscalit\u00e9"},"content":{"rendered":"<h2><\/h2>\n<h2>Le domaine de la fiscalit\u00e9 est vaste : (et en \u00e9volution permanente !)<\/h2>\n<h3>Imp\u00f4t sur le revenu &#8211; Imp\u00f4t sur les soci\u00e9t\u00e9s &#8211; TVA &#8211; CFE &#8211; CVAE &#8211; Droits d&rsquo;enregistrement<\/h3>\n<h3><a href=\"https:\/\/www.impots.gouv.fr\/portail\/www2\/precis\/precis.html\">Pr\u00e9cis \u00a0de fiscalit\u00e9 <\/a>\u00a0(source site imp\u00f4t.gouv.fr)<\/h3>\n<h3>D\u00e9couvrez les informations communiqu\u00e9es par le Minist\u00e8re des Finances<\/h3>\n<h2>LES LIVRETS DES CREATEURS D&rsquo;ENTREPRISE (site : impots.gouv.fr)<\/h2>\n<p>G\u00e9n\u00e9ralit\u00e9s\u00a0(cr\u00e9ateur d&rsquo;entreprise) <a href=\"https:\/\/www.impots.gouv.fr\/portail\/files\/media\/1_metier\/2_professionnel\/EV\/1_creation_entreprise\/livret_fiscal\/generalites_2.pdf\">Livret fiscal du cr\u00e9ateur d&rsquo;entreprise<\/a><\/p>\n<p>B\u00e9n\u00e9fices agricoles <a href=\"https:\/\/www.impots.gouv.fr\/portail\/www2\/precis\/precis.html?ancre=ref-2000\">Livret fiscalit\u00e9 agricole<\/a><\/p>\n<p>B\u00e9n\u00e9fices industriels et commerciaux &#8211; Imp\u00f4ts sur les soci\u00e9t\u00e9s (BIC-IS) voir <a href=\"https:\/\/www.service-public.fr\/professionnels-entreprises\/vosdroits\/N23456\">site des Imp\u00f4ts<\/a><\/p>\n<p>B\u00e9n\u00e9fices non commerciaux (BNC) voir <a href=\"https:\/\/www.service-public.fr\/professionnels-entreprises\/vosdroits\/F32105\">site des Imp\u00f4ts<\/a><\/p>\n<p>Micro Entreprise voir <a href=\"https:\/\/www.service-public.fr\/professionnels-entreprises\/vosdroits\/N23456\">site des Imp\u00f4ts<\/a><\/p>\n<h2>All\u00e9gements fiscaux<\/h2>\n<p>CREATEURS D&rsquo;ENTREPRISES<\/p>\n<div id=\"intro\" class=\"lead\">\n<p>Les cr\u00e9ateurs ou repreneurs d&rsquo;entreprise peuvent b\u00e9n\u00e9ficier de nombreuses aides financi\u00e8res de la part des pouvoirs publics.<\/p>\n<\/div>\n<article class=\"article\"><\/article>\n<div class=\"content-fiche\">\n<div class=\"row row-theme\">\n<div class=\"sous-theme\">\n<ul id=\"fiches\">\n<li><a href=\"https:\/\/www.service-public.fr\/professionnels-entreprises\/vosdroits\/F20016\" data-xiti-name=\"Professionnels::Vos_droits::Navigation_Directe::Nouvel_accompagnement_pour_la_cr\u00e9ation_ou_la_reprise_d'entreprise_(Nacre)\">Nouvel accompagnement pour la cr\u00e9ation ou la reprise d&rsquo;entreprise (Nacre)<\/a><\/li>\n<li><a href=\"https:\/\/www.service-public.fr\/professionnels-entreprises\/vosdroits\/F11677\" data-xiti-name=\"Professionnels::Vos_droits::Navigation_Directe::Aide_\u00e0_la_cr\u00e9ation_ou_\u00e0_la_reprise_d'une_entreprise_(Acre)\">Aide \u00e0 la cr\u00e9ation ou \u00e0 la reprise d&rsquo;une entreprise (Acre)<\/a><\/li>\n<li><a href=\"https:\/\/www.service-public.fr\/professionnels-entreprises\/vosdroits\/F15252\" data-xiti-name=\"Professionnels::Vos_droits::Navigation_Directe::Aide_\u00e0_la_reprise_ou_\u00e0_la_cr\u00e9ation_d'entreprise_(Arce)\">Aide \u00e0 la reprise ou \u00e0 la cr\u00e9ation d&rsquo;entreprise (Arce)<\/a><\/li>\n<li><a href=\"https:\/\/www.service-public.fr\/professionnels-entreprises\/vosdroits\/F11299\" data-xiti-name=\"Professionnels::Vos_droits::Navigation_Directe::Contrat_d'appui_au_projet_d'entreprise_(Cape)\">Contrat d&rsquo;appui au projet d&rsquo;entreprise (Cape)<\/a><\/li>\n<\/ul>\n<\/div>\n<\/div>\n<\/div>\n<p>CICE voir <a href=\"https:\/\/www.service-public.fr\/professionnels-entreprises\/vosdroits\/F31326\">site du service public<\/a><\/p>\n<div id='share-me'><ul class='share-left'><li><a href=\"http:\/\/www.facebook.com\/sharer.php?u=https:\/\/eloge.net\/index.php\/juridique-fiscalite\/fiscalite\/&t=Droit+Fiscal+Fiscalit%C3%A9\" alt=\"Share on Facebook\" title=\"Share on Facebook\"   onclick=\"return smWindowpop(this.href,545,433)\"><img alt = \"\" src = \"https:\/\/eloge.net\/wp-content\/plugins\/share-me\/\/assets\/images\/simple\/facebook.png\"  height=\"32px\"  width=\"32px\"><\/a><\/li><li><a href=\"https:\/\/plusone.google.com\/_\/+1\/confirm?hl=fr-FR&url=https:\/\/eloge.net\/index.php\/juridique-fiscalite\/fiscalite\/\" alt=\"Share on Google+\" title=\"Share on Google+\"  target=\"_blank\" onclick=\"return smWindowpop(this.href,545,433)\"><img alt = \"\" src = \"https:\/\/eloge.net\/wp-content\/plugins\/share-me\/\/assets\/images\/simple\/googleplus.png\"  height=\"32px\"  width=\"32px\"><\/a><\/li><li><a href=\"http:\/\/www.linkedin.com\/shareArticle?mini=true&url=https:\/\/eloge.net\/index.php\/juridique-fiscalite\/fiscalite\/&title=Droit+Fiscal+Fiscalit%C3%A9&source=E-loge\" onclick=\"return smWindowpop(this.href, 545,433)\"><img alt = \"\" src = \"https:\/\/eloge.net\/wp-content\/plugins\/share-me\/\/assets\/images\/simple\/linkedin.png\"  height=\"32px\"  width=\"32px\"><\/a><\/li><\/ul><\/div><br\/>","protected":false},"excerpt":{"rendered":"<p>Le domaine de la fiscalit\u00e9 est vaste : (et en \u00e9volution permanente !) Imp\u00f4t sur le revenu &#8211; Imp\u00f4t sur les soci\u00e9t\u00e9s &#8211; TVA &#8211; CFE &#8211; CVAE &#8211; Droits d&rsquo;enregistrement Pr\u00e9cis \u00a0de fiscalit\u00e9 \u00a0(source site imp\u00f4t.gouv.fr) D\u00e9couvrez les informations communiqu\u00e9es par le Minist\u00e8re des Finances LES LIVRETS DES CREATEURS &hellip; <a class=\"continue-reading-link\" href=\"https:\/\/eloge.net\/index.php\/juridique-fiscalite\/fiscalite\/\"> Continue reading <span class=\"meta-nav\">&rarr; <\/span><\/a><\/p>\n","protected":false},"author":1,"featured_media":0,"parent":21,"menu_order":0,"comment_status":"closed","ping_status":"closed","template":"","meta":[],"_links":{"self":[{"href":"https:\/\/eloge.net\/index.php\/wp-json\/wp\/v2\/pages\/152"}],"collection":[{"href":"https:\/\/eloge.net\/index.php\/wp-json\/wp\/v2\/pages"}],"about":[{"href":"https:\/\/eloge.net\/index.php\/wp-json\/wp\/v2\/types\/page"}],"author":[{"embeddable":true,"href":"https:\/\/eloge.net\/index.php\/wp-json\/wp\/v2\/users\/1"}],"replies":[{"embeddable":true,"href":"https:\/\/eloge.net\/index.php\/wp-json\/wp\/v2\/comments?post=152"}],"version-history":[{"count":11,"href":"https:\/\/eloge.net\/index.php\/wp-json\/wp\/v2\/pages\/152\/revisions"}],"predecessor-version":[{"id":940,"href":"https:\/\/eloge.net\/index.php\/wp-json\/wp\/v2\/pages\/152\/revisions\/940"}],"up":[{"embeddable":true,"href":"https:\/\/eloge.net\/index.php\/wp-json\/wp\/v2\/pages\/21"}],"wp:attachment":[{"href":"https:\/\/eloge.net\/index.php\/wp-json\/wp\/v2\/media?parent=152"}],"curies":[{"name":"wp","href":"https:\/\/api.w.org\/{rel}","templated":true}]}}