{"id":43,"date":"2016-09-22T14:26:23","date_gmt":"2016-09-22T12:26:23","guid":{"rendered":"http:\/\/eloge.net\/?page_id=43"},"modified":"2019-12-11T18:56:08","modified_gmt":"2019-12-11T17:56:08","slug":"formation","status":"publish","type":"page","link":"https:\/\/eloge.net\/index.php\/formation\/","title":{"rendered":"FORMATION"},"content":{"rendered":"<p>FORMATIONS<img loading=\"lazy\" class=\"alignright wp-image-798 size-medium\" src=\"https:\/\/eloge.net\/wp-content\/uploads\/2016\/09\/salle-class-377117_1280-300x112.jpg\" alt=\"Formation\" width=\"300\" height=\"112\" \/><\/p>\n<p>Nos formations portent principalement sur les domaines suivants :<\/p>\n<ul>\n<li><a href=\"https:\/\/eloge.net\/index.php\/formation\/bureautique\/\">Bureautique<\/a><\/li>\n<li><a href=\"https:\/\/eloge.net\/index.php\/formation\/formation-ressources-humaines\/\">Ressources Humaines<\/a><\/li>\n<li><a href=\"https:\/\/eloge.net\/index.php\/formation\/formation-gestion-dentreprise\/\">Gestion d&rsquo;Entreprise<\/a><\/li>\n<\/ul>\n<p>Elles peuvent \u00eatre dispens\u00e9es en groupe ou individuellement, soit dans votre entreprise soit dans nos locaux.<\/p>\n<p>Des formations peuvent envisag\u00e9es sur d&rsquo;autres th\u00e8mes : langue, commercial&#8230;<\/p>\n<p>Demandez le programme !<\/p>\n<h3>Contactez nous :<\/h3>\n<ul>\n<li>Via le <a href=\"https:\/\/eloge.net\/index.php\/contact\/\"><span style=\"color: #0d85cc;\">formulaire<\/span><\/a><\/li>\n<li>Contact@eloge.net<\/li>\n<li>Tel 06 37 50 24 98<\/li>\n<\/ul>\n<div id='share-me'><ul class='share-left'><li><a href=\"http:\/\/www.facebook.com\/sharer.php?u=https:\/\/eloge.net\/index.php\/formation\/&t=FORMATION\" alt=\"Share on Facebook\" title=\"Share on Facebook\"   onclick=\"return smWindowpop(this.href,545,433)\"><img alt = \"\" src = \"https:\/\/eloge.net\/wp-content\/plugins\/share-me\/\/assets\/images\/simple\/facebook.png\"  height=\"32px\"  width=\"32px\"><\/a><\/li><li><a href=\"https:\/\/plusone.google.com\/_\/+1\/confirm?hl=fr-FR&url=https:\/\/eloge.net\/index.php\/formation\/\" alt=\"Share on Google+\" title=\"Share on Google+\"  target=\"_blank\" onclick=\"return smWindowpop(this.href,545,433)\"><img alt = \"\" src = \"https:\/\/eloge.net\/wp-content\/plugins\/share-me\/\/assets\/images\/simple\/googleplus.png\"  height=\"32px\"  width=\"32px\"><\/a><\/li><li><a href=\"http:\/\/www.linkedin.com\/shareArticle?mini=true&url=https:\/\/eloge.net\/index.php\/formation\/&title=FORMATION&source=E-loge\" onclick=\"return smWindowpop(this.href, 545,433)\"><img alt = \"\" src = \"https:\/\/eloge.net\/wp-content\/plugins\/share-me\/\/assets\/images\/simple\/linkedin.png\"  height=\"32px\"  width=\"32px\"><\/a><\/li><\/ul><\/div><br\/>","protected":false},"excerpt":{"rendered":"<p>FORMATIONS Nos formations portent principalement sur les domaines suivants : Bureautique Ressources Humaines Gestion d&rsquo;Entreprise Elles peuvent \u00eatre dispens\u00e9es en groupe ou individuellement, soit dans votre entreprise soit dans nos locaux. Des formations peuvent envisag\u00e9es sur d&rsquo;autres th\u00e8mes : langue, commercial&#8230; Demandez le programme ! Contactez nous : Via le &hellip; <a class=\"continue-reading-link\" href=\"https:\/\/eloge.net\/index.php\/formation\/\"> Continue reading <span class=\"meta-nav\">&rarr; <\/span><\/a><\/p>\n","protected":false},"author":1,"featured_media":0,"parent":0,"menu_order":0,"comment_status":"closed","ping_status":"closed","template":"","meta":[],"_links":{"self":[{"href":"https:\/\/eloge.net\/index.php\/wp-json\/wp\/v2\/pages\/43"}],"collection":[{"href":"https:\/\/eloge.net\/index.php\/wp-json\/wp\/v2\/pages"}],"about":[{"href":"https:\/\/eloge.net\/index.php\/wp-json\/wp\/v2\/types\/page"}],"author":[{"embeddable":true,"href":"https:\/\/eloge.net\/index.php\/wp-json\/wp\/v2\/users\/1"}],"replies":[{"embeddable":true,"href":"https:\/\/eloge.net\/index.php\/wp-json\/wp\/v2\/comments?post=43"}],"version-history":[{"count":13,"href":"https:\/\/eloge.net\/index.php\/wp-json\/wp\/v2\/pages\/43\/revisions"}],"predecessor-version":[{"id":869,"href":"https:\/\/eloge.net\/index.php\/wp-json\/wp\/v2\/pages\/43\/revisions\/869"}],"wp:attachment":[{"href":"https:\/\/eloge.net\/index.php\/wp-json\/wp\/v2\/media?parent=43"}],"curies":[{"name":"wp","href":"https:\/\/api.w.org\/{rel}","templated":true}]}}