{"id":503,"date":"2016-10-08T16:16:49","date_gmt":"2016-10-08T14:16:49","guid":{"rendered":"http:\/\/eloge.net\/?page_id=503"},"modified":"2016-10-13T15:47:34","modified_gmt":"2016-10-13T13:47:34","slug":"tva","status":"publish","type":"page","link":"https:\/\/eloge.net\/index.php\/juridique-fiscalite\/fiscalite\/tva-2\/tva\/","title":{"rendered":"TVA : Op\u00e9rations soumises"},"content":{"rendered":"<p>&nbsp;<\/p>\n<p lang=\"zxx\"><span style=\"color: #000000;\">La taxe sur la valeur ajout\u00e9e (TVA) est un imp\u00f4t g\u00e9n\u00e9ral sur la consommation qui est directement factur\u00e9 aux clients sur les biens qu&rsquo;ils consomment ou les services qu&rsquo;ils utilisent en France. C&rsquo;est pourquoi, vous devez, en tant que professionnel, d\u00e9clarer la TVA collect\u00e9e sur ces op\u00e9rations imposables.<\/span><\/p>\n<p lang=\"zxx\">De mani\u00e8re g\u00e9n\u00e9rale, les ventes et les prestations de services r\u00e9alis\u00e9es en France sont soumises \u00e0 la TVA sauf lorsqu&rsquo;une exon\u00e9ration particuli\u00e8re trouve \u00e0 s&rsquo;appliquer.<\/p>\n<p lang=\"zxx\">Vous exercez une profession commerciale, industrielle, artisanale ou lib\u00e9rale ? Vous \u00eates tenu de reverser la TVA si vous r\u00e9alisez des op\u00e9rations soumises \u00e0 cette taxe. Elles peuvent l&rsquo;\u00eatre :<\/p>\n<ul>\n<li>\n<p lang=\"zxx\">par nature<\/p>\n<\/li>\n<\/ul>\n<p lang=\"zxx\">Ce sont toutes les livraisons de biens meubles, les prestations de services ou les acquisitions intracommunautaires qui :<\/p>\n<p lang=\"zxx\">&#8211; comportent le versement d&rsquo;une contrepartie (le prix) par l&rsquo;acqu\u00e9reur ;<br \/>\n&#8211; rel\u00e8vent d\u2019une activit\u00e9 \u00e9conomique ;<br \/>\n&#8211; sont effectu\u00e9es par une personne qui exerce son activit\u00e9 de mani\u00e8re ind\u00e9pendante et habituelle.<\/p>\n<ul>\n<li>\n<p lang=\"zxx\">par une disposition l\u00e9gale<\/p>\n<\/li>\n<\/ul>\n<p lang=\"zxx\">Il s&rsquo;agit d&rsquo;op\u00e9rations express\u00e9ment impos\u00e9es \u00e0 la TVA par la loi. Sont notamment concern\u00e9es les :<\/p>\n<p lang=\"zxx\">&#8211; importations ;<br \/>\n&#8211; livraisons \u00e0 soi-m\u00eame de biens et de services ;<br \/>\n&#8211; op\u00e9rations de livraison d\u2019immeubles achev\u00e9s depuis moins de 5 ans.<\/p>\n<ul>\n<li>\n<p lang=\"zxx\">sur option<\/p>\n<\/li>\n<\/ul>\n<p lang=\"zxx\">Certaines personnes, non soumises \u00e0 cet imp\u00f4t, sont autoris\u00e9es \u00e0 soumettre volontairement \u00e0 la TVA leurs op\u00e9rations. C\u2019est le cas des\u00a0:<\/p>\n<p lang=\"zxx\">&#8211; loueurs de locaux nus \u00e0 usage industriel ou commercial<br \/>\n&#8211; entreprises qui rel\u00e8vent normalement du r\u00e9gime de la franchise en base de TVA et qui souhaitent y renoncer ;<br \/>\n&#8211; collectivit\u00e9s locales, pour certains de leurs services et des collectivit\u00e9s territoriales pour la vente de certains terrains \u00e0 b\u00e2tir ;<br \/>\n&#8211; exploitants agricoles non redevables de la TVA \u00e0 titre obligatoire<\/p>\n<table width=\"100%\" cellspacing=\"0\" cellpadding=\"0\">\n<colgroup>\n<col width=\"9\" \/>\n<col width=\"247\" \/><\/colgroup>\n<tbody>\n<tr>\n<td width=\"4%\"><\/td>\n<td width=\"96%\">\n<h3>Les principaux articles de la TVA<\/h3>\n<ul>\n<li>\n<p lang=\"zxx\">Articles 256 \u00e0 257\u00a0 pour le champ d\u2019application de la TVA<\/p>\n<\/li>\n<li>\n<p lang=\"zxx\">Articles 258 \u00e0 259 D\u00a0 pour la territorialit\u00e9 de la TVA<\/p>\n<\/li>\n<li>\n<p lang=\"zxx\">Articles 260 \u00e0 260 CA\u00a0 pour la liste des op\u00e9rations imposables \u00e0 la TVA sur option<\/p>\n<\/li>\n<li>\n<p lang=\"zxx\">Articles 261 \u00e0 263\u00a0 pour la liste des op\u00e9rations exon\u00e9r\u00e9es de TVA<\/p>\n<\/li>\n<li>\n<p lang=\"zxx\">Articles 266 \u00e0 268 quater\u00a0 pour la d\u00e9finition de la base d\u2019imposition \u00e0 la TVA des diff\u00e9rentes op\u00e9rations<\/p>\n<\/li>\n<li>\n<p lang=\"zxx\">Article 269 pour la d\u00e9finition du fait g\u00e9n\u00e9rateur et de l\u2019exigibilit\u00e9 de la TVA<\/p>\n<\/li>\n<li>\n<p lang=\"zxx\">Article 287\u00a0 et 39 de l&rsquo; annexe IV au CGI pour conna\u00eetre les modalit\u00e9s d\u00e9claratives de la taxe<\/p>\n<\/li>\n<li>\n<p lang=\"zxx\">Article 1649 quater B quater pour l\u2019obligation de t\u00e9l\u00e9d\u00e9clarer la TVA et\u00a0 t\u00e9l\u00e9transmettre les demandes de remboursement de cr\u00e9dit de TVA<\/p>\n<\/li>\n<li>\n<p lang=\"zxx\">Article 1695 quater\u00a0 pour l\u2019obligation de t\u00e9l\u00e9r\u00e9gler la TVA<\/p>\n<\/li>\n<\/ul>\n<\/td>\n<\/tr>\n<\/tbody>\n<\/table>\n<p><!--more--><\/p>\n<div id='share-me'><ul class='share-left'><li><a href=\"http:\/\/www.facebook.com\/sharer.php?u=https:\/\/eloge.net\/index.php\/juridique-fiscalite\/fiscalite\/tva-2\/tva\/&t=TVA+%3A+Op%C3%A9rations+soumises\" alt=\"Share on Facebook\" title=\"Share on Facebook\"   onclick=\"return smWindowpop(this.href,545,433)\"><img alt = \"\" src = \"https:\/\/eloge.net\/wp-content\/plugins\/share-me\/\/assets\/images\/simple\/facebook.png\"  height=\"32px\"  width=\"32px\"><\/a><\/li><li><a href=\"https:\/\/plusone.google.com\/_\/+1\/confirm?hl=fr-FR&url=https:\/\/eloge.net\/index.php\/juridique-fiscalite\/fiscalite\/tva-2\/tva\/\" alt=\"Share on Google+\" title=\"Share on Google+\"  target=\"_blank\" onclick=\"return smWindowpop(this.href,545,433)\"><img alt = \"\" src = \"https:\/\/eloge.net\/wp-content\/plugins\/share-me\/\/assets\/images\/simple\/googleplus.png\"  height=\"32px\"  width=\"32px\"><\/a><\/li><li><a href=\"http:\/\/www.linkedin.com\/shareArticle?mini=true&url=https:\/\/eloge.net\/index.php\/juridique-fiscalite\/fiscalite\/tva-2\/tva\/&title=TVA+%3A+Op%C3%A9rations+soumises&source=E-loge\" onclick=\"return smWindowpop(this.href, 545,433)\"><img alt = \"\" src = \"https:\/\/eloge.net\/wp-content\/plugins\/share-me\/\/assets\/images\/simple\/linkedin.png\"  height=\"32px\"  width=\"32px\"><\/a><\/li><\/ul><\/div><br\/>","protected":false},"excerpt":{"rendered":"<p>&nbsp; La taxe sur la valeur ajout\u00e9e (TVA) est un imp\u00f4t g\u00e9n\u00e9ral sur la consommation qui est directement factur\u00e9 aux clients sur les biens qu&rsquo;ils consomment ou les services qu&rsquo;ils utilisent en France. C&rsquo;est pourquoi, vous devez, en tant que professionnel, d\u00e9clarer la TVA collect\u00e9e sur ces op\u00e9rations imposables. De &hellip; <a class=\"continue-reading-link\" href=\"https:\/\/eloge.net\/index.php\/juridique-fiscalite\/fiscalite\/tva-2\/tva\/\"> Continue reading <span class=\"meta-nav\">&rarr; <\/span><\/a><\/p>\n","protected":false},"author":1,"featured_media":0,"parent":648,"menu_order":0,"comment_status":"closed","ping_status":"closed","template":"template-twocolumns-right.php","meta":[],"_links":{"self":[{"href":"https:\/\/eloge.net\/index.php\/wp-json\/wp\/v2\/pages\/503"}],"collection":[{"href":"https:\/\/eloge.net\/index.php\/wp-json\/wp\/v2\/pages"}],"about":[{"href":"https:\/\/eloge.net\/index.php\/wp-json\/wp\/v2\/types\/page"}],"author":[{"embeddable":true,"href":"https:\/\/eloge.net\/index.php\/wp-json\/wp\/v2\/users\/1"}],"replies":[{"embeddable":true,"href":"https:\/\/eloge.net\/index.php\/wp-json\/wp\/v2\/comments?post=503"}],"version-history":[{"count":7,"href":"https:\/\/eloge.net\/index.php\/wp-json\/wp\/v2\/pages\/503\/revisions"}],"predecessor-version":[{"id":654,"href":"https:\/\/eloge.net\/index.php\/wp-json\/wp\/v2\/pages\/503\/revisions\/654"}],"up":[{"embeddable":true,"href":"https:\/\/eloge.net\/index.php\/wp-json\/wp\/v2\/pages\/648"}],"wp:attachment":[{"href":"https:\/\/eloge.net\/index.php\/wp-json\/wp\/v2\/media?parent=503"}],"curies":[{"name":"wp","href":"https:\/\/api.w.org\/{rel}","templated":true}]}}